{"id":2890,"date":"2016-09-29T18:43:26","date_gmt":"2016-09-29T22:43:26","guid":{"rendered":"https:\/\/galeriereneblouin.dreamhosters.com\/?page_id=2890"},"modified":"2016-12-15T16:30:54","modified_gmt":"2016-12-15T21:30:54","slug":"yoshihiro-suda-histoire","status":"publish","type":"page","link":"https:\/\/galeriereneblouin.dreamhosters.com\/index.php\/expositions\/recherche-par-artiste-search-artist\/yoshihiro-suda-histoire\/","title":{"rendered":"Yoshihiro Suda : histoire"},"content":{"rendered":"<p>[et_pb_section transparent_background=&#8221;off&#8221; allow_player_pause=&#8221;off&#8221; inner_shadow=&#8221;off&#8221; parallax=&#8221;off&#8221; parallax_method=&#8221;on&#8221; custom_padding=&#8221;45.75px|0px|45px|0px&#8221; padding_mobile=&#8221;off&#8221; make_fullwidth=&#8221;off&#8221; use_custom_width=&#8221;off&#8221; width_unit=&#8221;off&#8221; custom_width_px=&#8221;1080px&#8221; custom_width_percent=&#8221;80%&#8221; make_equal=&#8221;off&#8221; use_custom_gutter=&#8221;off&#8221; fullwidth=&#8221;off&#8221; specialty=&#8221;off&#8221; admin_label=&#8221;section&#8221; disabled=&#8221;off&#8221;][et_pb_row make_fullwidth=&#8221;off&#8221; use_custom_width=&#8221;off&#8221; width_unit=&#8221;off&#8221; custom_width_px=&#8221;1080px&#8221; custom_width_percent=&#8221;80%&#8221; use_custom_gutter=&#8221;off&#8221; gutter_width=&#8221;3&#8243; custom_padding=&#8221;22px|0px|0px|0px&#8221; padding_mobile=&#8221;off&#8221; allow_player_pause=&#8221;off&#8221; parallax=&#8221;off&#8221; parallax_method=&#8221;on&#8221; make_equal=&#8221;off&#8221; column_padding_mobile=&#8221;on&#8221; parallax_1=&#8221;off&#8221; parallax_method_1=&#8221;on&#8221; parallax_2=&#8221;off&#8221; parallax_method_2=&#8221;on&#8221; parallax_3=&#8221;off&#8221; parallax_method_3=&#8221;on&#8221; parallax_4=&#8221;off&#8221; parallax_method_4=&#8221;on&#8221; admin_label=&#8221;row&#8221; disabled=&#8221;off&#8221;][et_pb_column type=&#8221;4_4&#8243; disabled=&#8221;off&#8221; parallax=&#8221;off&#8221; parallax_method=&#8221;on&#8221; column_padding_mobile=&#8221;on&#8221;][et_pb_text background_layout=&#8221;light&#8221; text_orientation=&#8221;left&#8221; admin_label=&#8221;Text&#8221; use_border_color=&#8221;off&#8221; border_style=&#8221;solid&#8221; disabled=&#8221;off&#8221; inline_fonts=&#8221;Arvo,Bevan,Bitter&#8221;]<\/p>\n<p>Histoire des Expositions \/ Exhibition History<\/p>\n<hr \/>\n<h4>YOSHIHIRO SUDA<\/h4>\n<p><strong><\/strong><\/p>\n<p>[\/et_pb_text][\/et_pb_column][\/et_pb_row][et_pb_row make_fullwidth=&#8221;off&#8221; use_custom_width=&#8221;off&#8221; width_unit=&#8221;off&#8221; custom_width_px=&#8221;1080px&#8221; custom_width_percent=&#8221;80%&#8221; use_custom_gutter=&#8221;off&#8221; gutter_width=&#8221;3&#8243; padding_mobile=&#8221;off&#8221; allow_player_pause=&#8221;off&#8221; parallax=&#8221;off&#8221; parallax_method=&#8221;on&#8221; make_equal=&#8221;off&#8221; column_padding_mobile=&#8221;on&#8221; parallax_1=&#8221;off&#8221; parallax_method_1=&#8221;on&#8221; parallax_2=&#8221;off&#8221; parallax_method_2=&#8221;on&#8221; parallax_3=&#8221;off&#8221; parallax_method_3=&#8221;on&#8221; parallax_4=&#8221;off&#8221; parallax_method_4=&#8221;on&#8221; admin_label=&#8221;row&#8221; disabled=&#8221;off&#8221;][et_pb_column type=&#8221;4_4&#8243; disabled=&#8221;off&#8221; parallax=&#8221;off&#8221; parallax_method=&#8221;on&#8221; column_padding_mobile=&#8221;on&#8221;][et_pb_portfolio fullwidth=&#8221;off&#8221; posts_number=&#8221;4&#8243; include_categories=&#8221;53&#8243; show_title=&#8221;on&#8221; show_categories=&#8221;off&#8221; show_pagination=&#8221;on&#8221; background_layout=&#8221;light&#8221; title_font=&#8221;Arimo||||&#8221; title_font_size=&#8221;14px&#8221; title_text_color=&#8221;#000000&#8243; use_border_color=&#8221;off&#8221; border_color=&#8221;#ffffff&#8221; border_width=&#8221;1px&#8221; border_style=&#8221;solid&#8221; disabled=&#8221;off&#8221;][\/et_pb_portfolio][\/et_pb_column][\/et_pb_row][et_pb_row make_fullwidth=&#8221;off&#8221; use_custom_width=&#8221;off&#8221; width_unit=&#8221;off&#8221; custom_width_px=&#8221;1080px&#8221; custom_width_percent=&#8221;80%&#8221; use_custom_gutter=&#8221;off&#8221; gutter_width=&#8221;3&#8243; padding_mobile=&#8221;off&#8221; allow_player_pause=&#8221;off&#8221; parallax=&#8221;off&#8221; parallax_method=&#8221;on&#8221; make_equal=&#8221;off&#8221; column_padding_mobile=&#8221;on&#8221; parallax_1=&#8221;off&#8221; parallax_method_1=&#8221;on&#8221; parallax_2=&#8221;off&#8221; parallax_method_2=&#8221;on&#8221; parallax_3=&#8221;off&#8221; parallax_method_3=&#8221;on&#8221; parallax_4=&#8221;off&#8221; parallax_method_4=&#8221;on&#8221; admin_label=&#8221;row&#8221; disabled=&#8221;off&#8221;][et_pb_column type=&#8221;1_2&#8243; disabled=&#8221;off&#8221; parallax=&#8221;off&#8221; parallax_method=&#8221;on&#8221; column_padding_mobile=&#8221;on&#8221;][et_pb_text background_layout=&#8221;light&#8221; text_orientation=&#8221;left&#8221; use_border_color=&#8221;off&#8221; border_style=&#8221;solid&#8221; disabled=&#8221;off&#8221;]<\/p>\n<p><strong><em>Yoshihiro Suda <\/em><\/strong>16 janvier au 27 f\u00e9vrier 2016<\/p>\n<\/p>\n<p><em><strong>Nouvelles acquisitions : collection GIVERNY CAPITAL <\/strong><\/em>1er f\u00e9vrier au 5 avril 2014<\/p>\n<p><em><strong>Miroirs\u00a0<\/strong><\/em><span style=\"font-size: small;\">Yves Gaucher, Chris Kline, Genevi\u00e8ve Cadieux, Yoshihiro Suda, Marie-Claire Blais, Pierre Dorion\u00a0<\/span><\/p>\n<p>30 novembre 2013 au 25 janvier 2014<\/p>\n<p><strong><\/strong><\/p>\n<p>[\/et_pb_text][\/et_pb_column][et_pb_column type=&#8221;1_2&#8243; disabled=&#8221;off&#8221; parallax=&#8221;off&#8221; parallax_method=&#8221;on&#8221; column_padding_mobile=&#8221;on&#8221;][et_pb_text background_layout=&#8221;light&#8221; text_orientation=&#8221;left&#8221; use_border_color=&#8221;off&#8221; border_style=&#8221;solid&#8221; disabled=&#8221;off&#8221;]<\/p>\n<p><strong><em><\/em><\/strong><strong><\/strong><strong>Ciels\u00a0<\/strong>23 juin &#8211; 18 ao\u00fbt 2012<\/p>\n<p><strong><\/strong><strong>Yoshihiro Suda<\/strong> 19 septembre &#8211; 24 octobre 2009<\/p>\n<p><strong>Yoshihiro Suda<\/strong> 28 septembre &#8211; 4 novembre 2000<strong><strong><strong><strong><\/strong><\/strong><\/strong><\/strong><\/p>\n<p>[\/et_pb_text][\/et_pb_column][\/et_pb_row][\/et_pb_section][et_pb_section transparent_background=&#8221;off&#8221; background_color=&#8221;rgba(2,255,221,0.32)&#8221; allow_player_pause=&#8221;off&#8221; inner_shadow=&#8221;off&#8221; parallax=&#8221;off&#8221; parallax_method=&#8221;on&#8221; custom_padding=&#8221;0px|0px|0px|0px&#8221; padding_mobile=&#8221;off&#8221; make_fullwidth=&#8221;off&#8221; use_custom_width=&#8221;off&#8221; width_unit=&#8221;off&#8221; custom_width_px=&#8221;1080px&#8221; custom_width_percent=&#8221;80%&#8221; make_equal=&#8221;off&#8221; use_custom_gutter=&#8221;off&#8221; fullwidth=&#8221;on&#8221; specialty=&#8221;off&#8221; admin_label=&#8221;section&#8221; disabled=&#8221;off&#8221; global_module=&#8221;1033&#8243;][et_pb_fullwidth_menu menu_id=&#8221;30&#8243; background_color=&#8221;#ffffff&#8221; background_layout=&#8221;light&#8221; text_orientation=&#8221;left&#8221; submenu_direction=&#8221;upwards&#8221; fullwidth_menu=&#8221;off&#8221; active_link_color=&#8221;rgba(170,102,0,0.7)&#8221; dropdown_menu_animation=&#8221;fade&#8221; admin_label=&#8221;Fullwidth Menu&#8221; menu_font=&#8221;|||on|&#8221; menu_font_size=&#8221;13px&#8221; menu_letter_spacing=&#8221;0px&#8221; menu_line_height=&#8221;0.15em&#8221; disabled=&#8221;off&#8221;]<\/p>\n<p>[\/et_pb_fullwidth_menu][\/et_pb_section]<\/p>\n","protected":false},"excerpt":{"rendered":"<p>Histoire des Expositions \/ Exhibition History YOSHIHIRO SUDA Yoshihiro Suda 16 janvier au 27 f\u00e9vrier 2016 Nouvelles acquisitions : collection GIVERNY CAPITAL 1er f\u00e9vrier au 5 avril 2014 Miroirs\u00a0Yves Gaucher, Chris Kline, Genevi\u00e8ve Cadieux, Yoshihiro Suda, Marie-Claire Blais, Pierre Dorion\u00a0 30 novembre 2013 au 25 janvier 2014 Ciels\u00a023 juin &#8211; 18 ao\u00fbt 2012 Yoshihiro Suda [&hellip;]<\/p>\n","protected":false},"author":1,"featured_media":0,"parent":195,"menu_order":0,"comment_status":"closed","ping_status":"closed","template":"","meta":{"_et_pb_use_builder":"on","_et_pb_old_content":"","_et_gb_content_width":"","footnotes":""},"class_list":["post-2890","page","type-page","status-publish","hentry"],"yoast_head":"<!-- This site is optimized with the Yoast SEO plugin v28.3 - https:\/\/yoast.com\/product\/yoast-seo-wordpress\/ -->\n<title>Histoire des Expositions \/ Exhibition History : Yoshihiro Suda (GRB)<\/title>\n<meta name=\"description\" content=\"Histoire des Expositions \/ Exhibition History: Yoshihiro Suda - the artist&#039;s exhibition history at Galerie Ren\u00e9 Blouin, Montr\u00e9al, Qu\u00e9bec, Canada.\" \/>\n<meta name=\"robots\" content=\"index, follow, max-snippet:-1, max-image-preview:large, max-video-preview:-1\" \/>\n<link rel=\"canonical\" href=\"https:\/\/galeriereneblouin.dreamhosters.com\/index.php\/expositions\/recherche-par-artiste-search-artist\/yoshihiro-suda-histoire\/\" \/>\n<meta property=\"og:locale\" content=\"en_US\" \/>\n<meta property=\"og:type\" content=\"article\" \/>\n<meta property=\"og:title\" content=\"Histoire des Expositions \/ Exhibition History : Yoshihiro Suda (GRB)\" \/>\n<meta property=\"og:description\" content=\"Histoire des Expositions \/ Exhibition History: Yoshihiro Suda - the artist&#039;s exhibition history at Galerie Ren\u00e9 Blouin, Montr\u00e9al, Qu\u00e9bec, Canada.\" \/>\n<meta property=\"og:url\" content=\"https:\/\/galeriereneblouin.dreamhosters.com\/index.php\/expositions\/recherche-par-artiste-search-artist\/yoshihiro-suda-histoire\/\" \/>\n<meta property=\"og:site_name\" content=\"Galerie Ren\u00e9 Blouin\" \/>\n<meta property=\"article:publisher\" content=\"https:\/\/www.facebook.com\/galeriereneblouin\/?rf=841723062533918\" \/>\n<meta property=\"article:modified_time\" content=\"2016-12-15T21:30:54+00:00\" \/>\n<meta name=\"twitter:card\" content=\"summary_large_image\" \/>\n<meta name=\"twitter:label1\" content=\"Est. reading time\" \/>\n\t<meta name=\"twitter:data1\" content=\"3 minutes\" \/>\n<script type=\"application\/ld+json\" class=\"yoast-schema-graph\">{\"@context\":\"https:\\\/\\\/schema.org\",\"@graph\":[{\"@type\":\"WebPage\",\"@id\":\"https:\\\/\\\/galeriereneblouin.dreamhosters.com\\\/index.php\\\/expositions\\\/recherche-par-artiste-search-artist\\\/yoshihiro-suda-histoire\\\/\",\"url\":\"https:\\\/\\\/galeriereneblouin.dreamhosters.com\\\/index.php\\\/expositions\\\/recherche-par-artiste-search-artist\\\/yoshihiro-suda-histoire\\\/\",\"name\":\"Histoire des Expositions \\\/ Exhibition History : Yoshihiro Suda (GRB)\",\"isPartOf\":{\"@id\":\"https:\\\/\\\/galeriereneblouin.dreamhosters.com\\\/#website\"},\"datePublished\":\"2016-09-29T22:43:26+00:00\",\"dateModified\":\"2016-12-15T21:30:54+00:00\",\"description\":\"Histoire des Expositions \\\/ Exhibition History: Yoshihiro Suda - the artist's exhibition history at Galerie Ren\u00e9 Blouin, Montr\u00e9al, Qu\u00e9bec, Canada.\",\"breadcrumb\":{\"@id\":\"https:\\\/\\\/galeriereneblouin.dreamhosters.com\\\/index.php\\\/expositions\\\/recherche-par-artiste-search-artist\\\/yoshihiro-suda-histoire\\\/#breadcrumb\"},\"inLanguage\":\"en-US\",\"potentialAction\":[{\"@type\":\"ReadAction\",\"target\":[\"https:\\\/\\\/galeriereneblouin.dreamhosters.com\\\/index.php\\\/expositions\\\/recherche-par-artiste-search-artist\\\/yoshihiro-suda-histoire\\\/\"]}]},{\"@type\":\"BreadcrumbList\",\"@id\":\"https:\\\/\\\/galeriereneblouin.dreamhosters.com\\\/index.php\\\/expositions\\\/recherche-par-artiste-search-artist\\\/yoshihiro-suda-histoire\\\/#breadcrumb\",\"itemListElement\":[{\"@type\":\"ListItem\",\"position\":1,\"name\":\"Home\",\"item\":\"https:\\\/\\\/galeriereneblouin.dreamhosters.com\\\/\"},{\"@type\":\"ListItem\",\"position\":2,\"name\":\"EXPOSITIONS\",\"item\":\"https:\\\/\\\/galeriereneblouin.dreamhosters.com\\\/index.php\\\/expositions\\\/\"},{\"@type\":\"ListItem\",\"position\":3,\"name\":\"PAR ARTISTE\",\"item\":\"https:\\\/\\\/galeriereneblouin.dreamhosters.com\\\/index.php\\\/expositions\\\/recherche-par-artiste-search-artist\\\/\"},{\"@type\":\"ListItem\",\"position\":4,\"name\":\"Yoshihiro Suda : histoire\"}]},{\"@type\":\"WebSite\",\"@id\":\"https:\\\/\\\/galeriereneblouin.dreamhosters.com\\\/#website\",\"url\":\"https:\\\/\\\/galeriereneblouin.dreamhosters.com\\\/\",\"name\":\"Galerie Ren\u00e9 Blouin\",\"description\":\"10, rue King, Montr\u00e9al, Qu\u00e9bec, Canada H3C 2N9\",\"potentialAction\":[{\"@type\":\"SearchAction\",\"target\":{\"@type\":\"EntryPoint\",\"urlTemplate\":\"https:\\\/\\\/galeriereneblouin.dreamhosters.com\\\/?s={search_term_string}\"},\"query-input\":{\"@type\":\"PropertyValueSpecification\",\"valueRequired\":true,\"valueName\":\"search_term_string\"}}],\"inLanguage\":\"en-US\"}]}<\/script>\n<!-- \/ Yoast SEO plugin. -->","yoast_head_json":{"title":"Histoire des Expositions \/ Exhibition History : Yoshihiro Suda (GRB)","description":"Histoire des Expositions \/ Exhibition History: Yoshihiro Suda - the artist's exhibition history at Galerie Ren\u00e9 Blouin, Montr\u00e9al, Qu\u00e9bec, Canada.","robots":{"index":"index","follow":"follow","max-snippet":"max-snippet:-1","max-image-preview":"max-image-preview:large","max-video-preview":"max-video-preview:-1"},"canonical":"https:\/\/galeriereneblouin.dreamhosters.com\/index.php\/expositions\/recherche-par-artiste-search-artist\/yoshihiro-suda-histoire\/","og_locale":"en_US","og_type":"article","og_title":"Histoire des Expositions \/ Exhibition History : Yoshihiro Suda (GRB)","og_description":"Histoire des Expositions \/ Exhibition History: Yoshihiro Suda - the artist's exhibition history at Galerie Ren\u00e9 Blouin, Montr\u00e9al, Qu\u00e9bec, Canada.","og_url":"https:\/\/galeriereneblouin.dreamhosters.com\/index.php\/expositions\/recherche-par-artiste-search-artist\/yoshihiro-suda-histoire\/","og_site_name":"Galerie Ren\u00e9 Blouin","article_publisher":"https:\/\/www.facebook.com\/galeriereneblouin\/?rf=841723062533918","article_modified_time":"2016-12-15T21:30:54+00:00","twitter_card":"summary_large_image","twitter_misc":{"Est. reading time":"3 minutes"},"schema":{"@context":"https:\/\/schema.org","@graph":[{"@type":"WebPage","@id":"https:\/\/galeriereneblouin.dreamhosters.com\/index.php\/expositions\/recherche-par-artiste-search-artist\/yoshihiro-suda-histoire\/","url":"https:\/\/galeriereneblouin.dreamhosters.com\/index.php\/expositions\/recherche-par-artiste-search-artist\/yoshihiro-suda-histoire\/","name":"Histoire des Expositions \/ Exhibition History : Yoshihiro Suda (GRB)","isPartOf":{"@id":"https:\/\/galeriereneblouin.dreamhosters.com\/#website"},"datePublished":"2016-09-29T22:43:26+00:00","dateModified":"2016-12-15T21:30:54+00:00","description":"Histoire des Expositions \/ Exhibition History: Yoshihiro Suda - the artist's exhibition history at Galerie Ren\u00e9 Blouin, Montr\u00e9al, Qu\u00e9bec, Canada.","breadcrumb":{"@id":"https:\/\/galeriereneblouin.dreamhosters.com\/index.php\/expositions\/recherche-par-artiste-search-artist\/yoshihiro-suda-histoire\/#breadcrumb"},"inLanguage":"en-US","potentialAction":[{"@type":"ReadAction","target":["https:\/\/galeriereneblouin.dreamhosters.com\/index.php\/expositions\/recherche-par-artiste-search-artist\/yoshihiro-suda-histoire\/"]}]},{"@type":"BreadcrumbList","@id":"https:\/\/galeriereneblouin.dreamhosters.com\/index.php\/expositions\/recherche-par-artiste-search-artist\/yoshihiro-suda-histoire\/#breadcrumb","itemListElement":[{"@type":"ListItem","position":1,"name":"Home","item":"https:\/\/galeriereneblouin.dreamhosters.com\/"},{"@type":"ListItem","position":2,"name":"EXPOSITIONS","item":"https:\/\/galeriereneblouin.dreamhosters.com\/index.php\/expositions\/"},{"@type":"ListItem","position":3,"name":"PAR ARTISTE","item":"https:\/\/galeriereneblouin.dreamhosters.com\/index.php\/expositions\/recherche-par-artiste-search-artist\/"},{"@type":"ListItem","position":4,"name":"Yoshihiro Suda : histoire"}]},{"@type":"WebSite","@id":"https:\/\/galeriereneblouin.dreamhosters.com\/#website","url":"https:\/\/galeriereneblouin.dreamhosters.com\/","name":"Galerie Ren\u00e9 Blouin","description":"10, rue King, Montr\u00e9al, Qu\u00e9bec, Canada H3C 2N9","potentialAction":[{"@type":"SearchAction","target":{"@type":"EntryPoint","urlTemplate":"https:\/\/galeriereneblouin.dreamhosters.com\/?s={search_term_string}"},"query-input":{"@type":"PropertyValueSpecification","valueRequired":true,"valueName":"search_term_string"}}],"inLanguage":"en-US"}]}},"_links":{"self":[{"href":"https:\/\/galeriereneblouin.dreamhosters.com\/index.php\/wp-json\/wp\/v2\/pages\/2890","targetHints":{"allow":["GET"]}}],"collection":[{"href":"https:\/\/galeriereneblouin.dreamhosters.com\/index.php\/wp-json\/wp\/v2\/pages"}],"about":[{"href":"https:\/\/galeriereneblouin.dreamhosters.com\/index.php\/wp-json\/wp\/v2\/types\/page"}],"author":[{"embeddable":true,"href":"https:\/\/galeriereneblouin.dreamhosters.com\/index.php\/wp-json\/wp\/v2\/users\/1"}],"replies":[{"embeddable":true,"href":"https:\/\/galeriereneblouin.dreamhosters.com\/index.php\/wp-json\/wp\/v2\/comments?post=2890"}],"version-history":[{"count":10,"href":"https:\/\/galeriereneblouin.dreamhosters.com\/index.php\/wp-json\/wp\/v2\/pages\/2890\/revisions"}],"predecessor-version":[{"id":4735,"href":"https:\/\/galeriereneblouin.dreamhosters.com\/index.php\/wp-json\/wp\/v2\/pages\/2890\/revisions\/4735"}],"up":[{"embeddable":true,"href":"https:\/\/galeriereneblouin.dreamhosters.com\/index.php\/wp-json\/wp\/v2\/pages\/195"}],"wp:attachment":[{"href":"https:\/\/galeriereneblouin.dreamhosters.com\/index.php\/wp-json\/wp\/v2\/media?parent=2890"}],"curies":[{"name":"wp","href":"https:\/\/api.w.org\/{rel}","templated":true}]}}